{"version":"1.0","provider_name":"JUMEAUX91","provider_url":"https:\/\/jumeaux91.fr\/blog","title":"Foot \u00e0 Arzens : des fr\u00e8res jumeaux en vedette - JUMEAUX91","type":"rich","width":600,"height":338,"html":"<blockquote class=\"wp-embedded-content\" data-secret=\"C7Vau33fXK\"><a href=\"https:\/\/jumeaux91.fr\/blog\/foot-a-arzens-des-freres-jumeaux-en-vedette\/\">Foot \u00e0 Arzens : des fr\u00e8res jumeaux en vedette<\/a><\/blockquote><iframe sandbox=\"allow-scripts\" security=\"restricted\" src=\"https:\/\/jumeaux91.fr\/blog\/foot-a-arzens-des-freres-jumeaux-en-vedette\/embed\/#?secret=C7Vau33fXK\" width=\"600\" height=\"338\" title=\"\u00ab\u00a0Foot \u00e0 Arzens : des fr\u00e8res jumeaux en vedette\u00a0\u00bb &#8212; JUMEAUX91\" data-secret=\"C7Vau33fXK\" frameborder=\"0\" marginwidth=\"0\" marginheight=\"0\" scrolling=\"no\" class=\"wp-embedded-content\"><\/iframe><script>\n\/*! This file is auto-generated *\/\n!function(d,l){\"use strict\";l.querySelector&&d.addEventListener&&\"undefined\"!=typeof URL&&(d.wp=d.wp||{},d.wp.receiveEmbedMessage||(d.wp.receiveEmbedMessage=function(e){var t=e.data;if((t||t.secret||t.message||t.value)&&!\/[^a-zA-Z0-9]\/.test(t.secret)){for(var s,r,n,a=l.querySelectorAll('iframe[data-secret=\"'+t.secret+'\"]'),o=l.querySelectorAll('blockquote[data-secret=\"'+t.secret+'\"]'),c=new RegExp(\"^https?:$\",\"i\"),i=0;i<o.length;i++)o[i].style.display=\"none\";for(i=0;i<a.length;i++)s=a[i],e.source===s.contentWindow&&(s.removeAttribute(\"style\"),\"height\"===t.message?(1e3<(r=parseInt(t.value,10))?r=1e3:~~r<200&&(r=200),s.height=r):\"link\"===t.message&&(r=new URL(s.getAttribute(\"src\")),n=new URL(t.value),c.test(n.protocol))&&n.host===r.host&&l.activeElement===s&&(d.top.location.href=t.value))}},d.addEventListener(\"message\",d.wp.receiveEmbedMessage,!1),l.addEventListener(\"DOMContentLoaded\",function(){for(var e,t,s=l.querySelectorAll(\"iframe.wp-embedded-content\"),r=0;r<s.length;r++)(t=(e=s[r]).getAttribute(\"data-secret\"))||(t=Math.random().toString(36).substring(2,12),e.src+=\"#?secret=\"+t,e.setAttribute(\"data-secret\",t)),e.contentWindow.postMessage({message:\"ready\",secret:t},\"*\")},!1)))}(window,document);\n\/\/# sourceURL=https:\/\/jumeaux91.fr\/blog\/wp-includes\/js\/wp-embed.min.js\n<\/script>\n","thumbnail_url":"https:\/\/jumeaux91.fr\/blog\/wp-content\/uploads\/2025\/10\/foot-a-arzens-des-freres-jumeaux-en-vedette.jpg","thumbnail_width":600,"thumbnail_height":250,"description":"Samedi 25 octobre, les jeunes U19 arzenais recevaient leurs homologues du FAC Carcassonne. Apr\u00e8s leur r\u00e9cente \u00e9limination en coupe Gambardella le week-end dernier, les prot\u00e9g\u00e9s de Laurent et St\u00e9phane, encore frustr\u00e9s par cette r\u00e9cente d\u00e9faite, voulaient montrer \u00e0 leurs supporteurs qu\u2019ils pouvaient rebondir. Bien que priv\u00e9s de Hivanui, l\u2019\u00e9quipe align\u00e9e au coup d\u2019envoi avait fi\u00e8re&hellip; Poursuivre la lecture Sans titre"}