{"version":"1.0","provider_name":"JUMEAUX91","provider_url":"https:\/\/jumeaux91.fr\/blog","title":"Les fr\u00e8res Dessner au-del\u00e0 de The National - JUMEAUX91","type":"rich","width":600,"height":338,"html":"<blockquote class=\"wp-embedded-content\" data-secret=\"qmDJ1TFaQH\"><a href=\"https:\/\/jumeaux91.fr\/blog\/les-freres-dessner-au-dela-de-the-national\/\">Les fr\u00e8res Dessner au-del\u00e0 de The National<\/a><\/blockquote><iframe sandbox=\"allow-scripts\" security=\"restricted\" src=\"https:\/\/jumeaux91.fr\/blog\/les-freres-dessner-au-dela-de-the-national\/embed\/#?secret=qmDJ1TFaQH\" width=\"600\" height=\"338\" title=\"\u00ab\u00a0Les fr\u00e8res Dessner au-del\u00e0 de The National\u00a0\u00bb &#8212; JUMEAUX91\" data-secret=\"qmDJ1TFaQH\" frameborder=\"0\" marginwidth=\"0\" marginheight=\"0\" scrolling=\"no\" class=\"wp-embedded-content\"><\/iframe><script>\n\/*! This file is auto-generated *\/\n!function(d,l){\"use strict\";l.querySelector&&d.addEventListener&&\"undefined\"!=typeof URL&&(d.wp=d.wp||{},d.wp.receiveEmbedMessage||(d.wp.receiveEmbedMessage=function(e){var t=e.data;if((t||t.secret||t.message||t.value)&&!\/[^a-zA-Z0-9]\/.test(t.secret)){for(var s,r,n,a=l.querySelectorAll('iframe[data-secret=\"'+t.secret+'\"]'),o=l.querySelectorAll('blockquote[data-secret=\"'+t.secret+'\"]'),c=new RegExp(\"^https?:$\",\"i\"),i=0;i<o.length;i++)o[i].style.display=\"none\";for(i=0;i<a.length;i++)s=a[i],e.source===s.contentWindow&&(s.removeAttribute(\"style\"),\"height\"===t.message?(1e3<(r=parseInt(t.value,10))?r=1e3:~~r<200&&(r=200),s.height=r):\"link\"===t.message&&(r=new URL(s.getAttribute(\"src\")),n=new URL(t.value),c.test(n.protocol))&&n.host===r.host&&l.activeElement===s&&(d.top.location.href=t.value))}},d.addEventListener(\"message\",d.wp.receiveEmbedMessage,!1),l.addEventListener(\"DOMContentLoaded\",function(){for(var e,t,s=l.querySelectorAll(\"iframe.wp-embedded-content\"),r=0;r<s.length;r++)(t=(e=s[r]).getAttribute(\"data-secret\"))||(t=Math.random().toString(36).substring(2,12),e.src+=\"#?secret=\"+t,e.setAttribute(\"data-secret\",t)),e.contentWindow.postMessage({message:\"ready\",secret:t},\"*\")},!1)))}(window,document);\n\/\/# sourceURL=https:\/\/jumeaux91.fr\/blog\/wp-includes\/js\/wp-embed.min.js\n<\/script>\n","thumbnail_url":"https:\/\/jumeaux91.fr\/blog\/wp-content\/uploads\/2024\/11\/les-freres-dessner-au-dela-de-the-national.jpg","thumbnail_width":600,"thumbnail_height":338,"description":"Un groupe de rock compos\u00e9 de deux fr\u00e8res&nbsp;? C\u2019est devenu un lieu commun. Mais The National pousse le concept en comprenant deux paires de fr\u00e8res dont deux guitaristes jumeaux qui poursuivent en parall\u00e8le une carri\u00e8re impressionnante. Bryce et Aaron Dessner sont n\u00e9s le 23 avril 1976 \u00e0 Cincinnati dans une famille tr\u00e8s port\u00e9e sur la&hellip; Poursuivre la lecture Sans titre"}