{"version":"1.0","provider_name":"JUMEAUX91","provider_url":"https:\/\/jumeaux91.fr\/blog","title":"Les jumeaux Minier \u00e0 l\u2019assaut de Guerl\u00e9dan - JUMEAUX91","type":"rich","width":600,"height":338,"html":"<blockquote class=\"wp-embedded-content\" data-secret=\"Oy2vMeIKpF\"><a href=\"https:\/\/jumeaux91.fr\/blog\/les-jumeaux-minier-a-lassaut-de-guerledan\/\">Les jumeaux Minier \u00e0 l\u2019assaut de Guerl\u00e9dan<\/a><\/blockquote><iframe sandbox=\"allow-scripts\" security=\"restricted\" src=\"https:\/\/jumeaux91.fr\/blog\/les-jumeaux-minier-a-lassaut-de-guerledan\/embed\/#?secret=Oy2vMeIKpF\" width=\"600\" height=\"338\" title=\"\u00ab\u00a0Les jumeaux Minier \u00e0 l\u2019assaut de Guerl\u00e9dan\u00a0\u00bb &#8212; JUMEAUX91\" data-secret=\"Oy2vMeIKpF\" frameborder=\"0\" marginwidth=\"0\" marginheight=\"0\" scrolling=\"no\" class=\"wp-embedded-content\"><\/iframe><script>\n\/*! This file is auto-generated *\/\n!function(d,l){\"use strict\";l.querySelector&&d.addEventListener&&\"undefined\"!=typeof URL&&(d.wp=d.wp||{},d.wp.receiveEmbedMessage||(d.wp.receiveEmbedMessage=function(e){var t=e.data;if((t||t.secret||t.message||t.value)&&!\/[^a-zA-Z0-9]\/.test(t.secret)){for(var s,r,n,a=l.querySelectorAll('iframe[data-secret=\"'+t.secret+'\"]'),o=l.querySelectorAll('blockquote[data-secret=\"'+t.secret+'\"]'),c=new RegExp(\"^https?:$\",\"i\"),i=0;i<o.length;i++)o[i].style.display=\"none\";for(i=0;i<a.length;i++)s=a[i],e.source===s.contentWindow&&(s.removeAttribute(\"style\"),\"height\"===t.message?(1e3<(r=parseInt(t.value,10))?r=1e3:~~r<200&&(r=200),s.height=r):\"link\"===t.message&&(r=new URL(s.getAttribute(\"src\")),n=new URL(t.value),c.test(n.protocol))&&n.host===r.host&&l.activeElement===s&&(d.top.location.href=t.value))}},d.addEventListener(\"message\",d.wp.receiveEmbedMessage,!1),l.addEventListener(\"DOMContentLoaded\",function(){for(var e,t,s=l.querySelectorAll(\"iframe.wp-embedded-content\"),r=0;r<s.length;r++)(t=(e=s[r]).getAttribute(\"data-secret\"))||(t=Math.random().toString(36).substring(2,12),e.src+=\"#?secret=\"+t,e.setAttribute(\"data-secret\",t)),e.contentWindow.postMessage({message:\"ready\",secret:t},\"*\")},!1)))}(window,document);\n\/\/# sourceURL=https:\/\/jumeaux91.fr\/blog\/wp-includes\/js\/wp-embed.min.js\n<\/script>\n","thumbnail_url":"https:\/\/jumeaux91.fr\/blog\/wp-content\/uploads\/2024\/09\/les-jumeaux-minier-a-lassaut-de-guerledan-768x512.jpg","thumbnail_width":600,"thumbnail_height":400,"description":"Originaires de Paimpol, Julien et Tugdual Minier seront au d\u00e9part du 65\u00a0km de Guerl\u00e9dan, dimanche. Un nouveau d\u00e9fi pour ces jumeaux que les soubresauts de la vie ont rendu ins\u00e9parables. Aller \u00e0 la sourceLa chronique se veut g\u00e9n\u00e9r\u00e9e de la fa\u00e7on la plus claire que possible. Dans le cas o\u00f9 vous souhaitez pr\u00e9senter des renseignements&hellip; Poursuivre la lecture Sans titre"}